{"id":2503,"date":"2017-03-21T08:47:39","date_gmt":"2017-03-21T08:47:39","guid":{"rendered":"http:\/\/osnovnaskolakrk.hr\/krk\/?page_id=2503"},"modified":"2017-03-31T09:13:53","modified_gmt":"2017-03-31T09:13:53","slug":"skrabaonica","status":"publish","type":"page","link":"http:\/\/osnovnaskolakrk.hr\/krk\/skrabaonica\/","title":{"rendered":"U\u010cENI\u010cKI RADOVI"},"content":{"rendered":"<p style=\"text-align: center;\"><strong>* * * * * * * * * * * * * * * * * * * * * * * * * * * * * * * * * * * * ** * * * * * * * * * * * * * *<\/strong><\/p>\n<p style=\"text-align: justify;\"><a href=\"http:\/\/osnovnaskolakrk.hr\/krk\/skrabaonica\/visibaba1\/\" rel=\"attachment wp-att-2518\"><img loading=\"lazy\" class=\"alignleft wp-image-2518\" src=\"http:\/\/osnovnaskolakrk.hr\/krk\/wp-content\/uploads\/visibaba1-300x291.jpg\" alt=\"\" width=\"198\" height=\"193\" srcset=\"http:\/\/osnovnaskolakrk.hr\/krk\/wp-content\/uploads\/visibaba1-300x291.jpg 300w, http:\/\/osnovnaskolakrk.hr\/krk\/wp-content\/uploads\/visibaba1.jpg 412w\" sizes=\"(max-width: 198px) 100vw, 198px\" \/><\/a><\/p>\n<p style=\"text-align: center;\">Niko Braut u\u010denik 2. b razreda napisao je pjesmicu<\/p>\n<p style=\"text-align: center;\">Ja visibaba!<\/p>\n<p style=\"text-align: center;\"><a href=\"http:\/\/osnovnaskolakrk.hr\/krk\/wp-content\/uploads\/Ja-visibaba.pdf\">Klikni i \u010ditaj!<\/a><\/p>\n<p><strong>\u00a0<\/strong><\/p>\n<p style=\"text-align: justify;\"><strong>\u00a0\u00a0\u00a0<\/strong><\/p>\n<p style=\"text-align: justify;\"><strong>\u00a0\u00a0\u00a0\u00a0 * * * * * * * * * * * * * * * * * * * * * * * * * * * * * * * * * * * * ** * * * * * * * * * * * * * *<br \/>\n<\/strong><\/p>\n<p><a href=\"http:\/\/osnovnaskolakrk.hr\/krk\/skrabaonica\/mir\/\" rel=\"attachment wp-att-2506\"><img loading=\"lazy\" class=\"alignleft size-full wp-image-2506\" src=\"http:\/\/osnovnaskolakrk.hr\/krk\/wp-content\/uploads\/mir.jpg\" alt=\"\" width=\"259\" height=\"195\" \/><\/a>U\u010denici 4. a razreda raspisali su se na temu Lijepo je \u017eivjeti u miru.<\/p>\n<p><a href=\"http:\/\/osnovnaskolakrk.hr\/krk\/wp-content\/uploads\/Lijepo-je-\u017eivjeti-u-miru.pdf\">Pro\u010ditajte njihove radove!<\/a><\/p>\n<p>&nbsp;<\/p>\n<p>&nbsp;<\/p>\n<p>&nbsp;<\/p>\n<p style=\"text-align: center;\"><strong>* * * * * * * * * * * * * * * * * * * * * * * * * * * * * * * * * * * * ** * * * * * * * * * * * * * *<\/strong><\/p>\n<p><a href=\"http:\/\/osnovnaskolakrk.hr\/krk\/skrabaonica\/putujuca\/\" rel=\"attachment wp-att-2513\"><img loading=\"lazy\" class=\"alignleft size-medium wp-image-2513\" src=\"http:\/\/osnovnaskolakrk.hr\/krk\/wp-content\/uploads\/putujuca-300x215.jpg\" alt=\"\" width=\"300\" height=\"215\" srcset=\"http:\/\/osnovnaskolakrk.hr\/krk\/wp-content\/uploads\/putujuca-300x215.jpg 300w, http:\/\/osnovnaskolakrk.hr\/krk\/wp-content\/uploads\/putujuca.jpg 602w\" sizes=\"(max-width: 300px) 100vw, 300px\" \/><\/a><\/p>\n<p style=\"text-align: left;\">U\u010denici 4. b razreda napravili su vlastitu bo\u017ei\u0107nu priredbu.<\/p>\n<p style=\"text-align: left;\"><a href=\"https:\/\/www.youtube.com\/watch?v=mnq4-kXSfUg\" data-rel=\"lightbox-video-0\">Klikni i Pogledaj!<\/a><\/p>\n","protected":false},"excerpt":{"rendered":"<p>* * * * * * * * * * * * * * * * * * * * * * * * * * * * * * * * * * * * ** * * * * * * * * * * * * * * Niko Braut u\u010denik 2. [&hellip;]<\/p>\n","protected":false},"author":13,"featured_media":0,"parent":0,"menu_order":0,"comment_status":"closed","ping_status":"closed","template":"","meta":[],"_links":{"self":[{"href":"http:\/\/osnovnaskolakrk.hr\/krk\/wp-json\/wp\/v2\/pages\/2503"}],"collection":[{"href":"http:\/\/osnovnaskolakrk.hr\/krk\/wp-json\/wp\/v2\/pages"}],"about":[{"href":"http:\/\/osnovnaskolakrk.hr\/krk\/wp-json\/wp\/v2\/types\/page"}],"author":[{"embeddable":true,"href":"http:\/\/osnovnaskolakrk.hr\/krk\/wp-json\/wp\/v2\/users\/13"}],"replies":[{"embeddable":true,"href":"http:\/\/osnovnaskolakrk.hr\/krk\/wp-json\/wp\/v2\/comments?post=2503"}],"version-history":[{"count":11,"href":"http:\/\/osnovnaskolakrk.hr\/krk\/wp-json\/wp\/v2\/pages\/2503\/revisions"}],"predecessor-version":[{"id":2521,"href":"http:\/\/osnovnaskolakrk.hr\/krk\/wp-json\/wp\/v2\/pages\/2503\/revisions\/2521"}],"wp:attachment":[{"href":"http:\/\/osnovnaskolakrk.hr\/krk\/wp-json\/wp\/v2\/media?parent=2503"}],"curies":[{"name":"wp","href":"https:\/\/api.w.org\/{rel}","templated":true}]}}