{"version":"1.0","provider_name":"O\u0160 &quot;Fran Krsto Frankopan&quot; Krk P\u0160 Punat","provider_url":"http:\/\/osnovnaskolakrk.hr\/punat","author_name":"Martina Jurjevi\u0107","author_url":"http:\/\/osnovnaskolakrk.hr\/punat\/author\/martinaj\/","title":"Posjetila nas je Morea Bani\u0107evi\u0107 - autorica dje\u010djih romana - O\u0160 &quot;Fran Krsto Frankopan&quot; Krk P\u0160 Punat","type":"rich","width":600,"height":338,"html":"<blockquote class=\"wp-embedded-content\" data-secret=\"JDJnjJaXBw\"><a href=\"http:\/\/osnovnaskolakrk.hr\/punat\/posjetila-nas-je-morea-banicevic-autorica-djecjih-romana\/\">Posjetila nas je Morea Bani\u0107evi\u0107 &#8211; autorica dje\u010djih romana<\/a><\/blockquote><iframe sandbox=\"allow-scripts\" security=\"restricted\" src=\"http:\/\/osnovnaskolakrk.hr\/punat\/posjetila-nas-je-morea-banicevic-autorica-djecjih-romana\/embed\/#?secret=JDJnjJaXBw\" width=\"600\" height=\"338\" title=\"&#8220;Posjetila nas je Morea Bani\u0107evi\u0107 &#8211; autorica dje\u010djih romana&#8221; &#8212; O\u0160 &quot;Fran Krsto Frankopan&quot; Krk P\u0160 Punat\" data-secret=\"JDJnjJaXBw\" frameborder=\"0\" marginwidth=\"0\" marginheight=\"0\" scrolling=\"no\" class=\"wp-embedded-content\"><\/iframe><script type=\"text\/javascript\">\n\/* <![CDATA[ *\/\n\/*! This file is auto-generated *\/\n!function(d,l){\"use strict\";l.querySelector&&d.addEventListener&&\"undefined\"!=typeof URL&&(d.wp=d.wp||{},d.wp.receiveEmbedMessage||(d.wp.receiveEmbedMessage=function(e){var t=e.data;if((t||t.secret||t.message||t.value)&&!\/[^a-zA-Z0-9]\/.test(t.secret)){for(var s,r,n,a=l.querySelectorAll('iframe[data-secret=\"'+t.secret+'\"]'),o=l.querySelectorAll('blockquote[data-secret=\"'+t.secret+'\"]'),c=new RegExp(\"^https?:$\",\"i\"),i=0;i<o.length;i++)o[i].style.display=\"none\";for(i=0;i<a.length;i++)s=a[i],e.source===s.contentWindow&&(s.removeAttribute(\"style\"),\"height\"===t.message?(1e3<(r=parseInt(t.value,10))?r=1e3:~~r<200&&(r=200),s.height=r):\"link\"===t.message&&(r=new URL(s.getAttribute(\"src\")),n=new URL(t.value),c.test(n.protocol))&&n.host===r.host&&l.activeElement===s&&(d.top.location.href=t.value))}},d.addEventListener(\"message\",d.wp.receiveEmbedMessage,!1),l.addEventListener(\"DOMContentLoaded\",function(){for(var e,t,s=l.querySelectorAll(\"iframe.wp-embedded-content\"),r=0;r<s.length;r++)(t=(e=s[r]).getAttribute(\"data-secret\"))||(t=Math.random().toString(36).substring(2,12),e.src+=\"#?secret=\"+t,e.setAttribute(\"data-secret\",t)),e.contentWindow.postMessage({message:\"ready\",secret:t},\"*\")},!1)))}(window,document);\n\/\/# sourceURL=http:\/\/osnovnaskolakrk.hr\/punat\/wp-includes\/js\/wp-embed.min.js\n\/* ]]> *\/\n<\/script>\n","description":"Dana 13. velja\u010de na\u0161u je \u0161kolu posjetila poznata dje\u010dja autorica Morea Bani\u010devi\u0107. Tijekom susreta u\u010denicima od 6. do 8. razreda predstavila je svoje knjige te ih upoznala sa svijetom knji\u017eevnog stvarala\u0161tva. Govorila je o tome kako nastaju njezine pri\u010de, odakle crpi inspiraciju i koliko je va\u017eno njegovati ma\u0161tu i kreativnost.","thumbnail_url":"http:\/\/osnovnaskolakrk.hr\/punat\/wp-content\/uploads\/2026\/03\/20260213_111912_resized-150x150.jpg"}