{"id":7459,"date":"2021-11-23T06:43:09","date_gmt":"2021-11-23T06:43:09","guid":{"rendered":"http:\/\/osnovnaskolakrk.hr\/vrbnik\/?page_id=7459"},"modified":"2021-11-23T06:43:09","modified_gmt":"2021-11-23T06:43:09","slug":"zahtjev-za-otkaz-ugovora-o-pruzanju-usluge-marende-i-produzenog-boravka","status":"publish","type":"page","link":"http:\/\/osnovnaskolakrk.hr\/vrbnik\/zahtjev-za-otkaz-ugovora-o-pruzanju-usluge-marende-i-produzenog-boravka\/","title":{"rendered":"Zahtjev za otkaz ugovora o pru\u017eanju usluge marende i produ\u017eenog boravka"},"content":{"rendered":"<p style=\"text-align: justify;\">Po\u0161tovani roditelji,<\/p>\n<p style=\"text-align: justify;\">prilikom otkazivanja usluga marende i produ\u017eenog boravka svojem razredniku\/razrednici donesite ispunjen obrazac. Molimo vas da obrazac dostavite u \u0161kolu do 20. u mjesecu za sljede\u0107i mjesec.<\/p>\n<p><a href=\"http:\/\/osnovnaskolakrk.hr\/punat\/zahtjev-za-otkaz-ugovora-o-pruzanju-usluge-marende-i-produzenog-boravka\/zahtjev-za-otkaz-ugovora-o-pruzanju-usluge-marende-i-produzenog-boravka\/\" rel=\"attachment wp-att-6145\">Zahtjev za otkaz ugovora o pru\u017eanju usluge marende i produ\u017eenog boravka.<\/a><\/p>\n","protected":false},"excerpt":{"rendered":"<p>Po\u0161tovani roditelji, prilikom otkazivanja usluga marende i produ\u017eenog boravka svojem razredniku\/razrednici donesite ispunjen obrazac. Molimo vas da obrazac dostavite u \u0161kolu do 20. u mjesecu za sljede\u0107i mjesec. Zahtjev za otkaz ugovora o pru\u017eanju usluge marende i produ\u017eenog boravka.<\/p>\n","protected":false},"author":3,"featured_media":0,"parent":0,"menu_order":0,"comment_status":"closed","ping_status":"closed","template":"","meta":{"footnotes":""},"class_list":["post-7459","page","type-page","status-publish","hentry"],"_links":{"self":[{"href":"http:\/\/osnovnaskolakrk.hr\/vrbnik\/wp-json\/wp\/v2\/pages\/7459","targetHints":{"allow":["GET"]}}],"collection":[{"href":"http:\/\/osnovnaskolakrk.hr\/vrbnik\/wp-json\/wp\/v2\/pages"}],"about":[{"href":"http:\/\/osnovnaskolakrk.hr\/vrbnik\/wp-json\/wp\/v2\/types\/page"}],"author":[{"embeddable":true,"href":"http:\/\/osnovnaskolakrk.hr\/vrbnik\/wp-json\/wp\/v2\/users\/3"}],"replies":[{"embeddable":true,"href":"http:\/\/osnovnaskolakrk.hr\/vrbnik\/wp-json\/wp\/v2\/comments?post=7459"}],"version-history":[{"count":1,"href":"http:\/\/osnovnaskolakrk.hr\/vrbnik\/wp-json\/wp\/v2\/pages\/7459\/revisions"}],"predecessor-version":[{"id":7461,"href":"http:\/\/osnovnaskolakrk.hr\/vrbnik\/wp-json\/wp\/v2\/pages\/7459\/revisions\/7461"}],"wp:attachment":[{"href":"http:\/\/osnovnaskolakrk.hr\/vrbnik\/wp-json\/wp\/v2\/media?parent=7459"}],"curies":[{"name":"wp","href":"https:\/\/api.w.org\/{rel}","templated":true}]}}