{"id":3293,"date":"2019-05-18T11:08:26","date_gmt":"2019-05-18T11:08:26","guid":{"rendered":"http:\/\/osnovnaskolakrk.hr\/vrh\/?page_id=3293"},"modified":"2023-06-13T16:33:26","modified_gmt":"2023-06-13T16:33:26","slug":"dogadanja","status":"publish","type":"page","link":"http:\/\/osnovnaskolakrk.hr\/vrh\/?page_id=3293","title":{"rendered":"Doga\u0111anja"},"content":{"rendered":"\n<h2>  \u017dupanijska smotra u\u010deni\u010dkih zadruga u Rijeci<\/h2>\n\n\n<div class=\"wp-block-image is-style-default\">\n<figure class=\"alignleft size-full is-resized\"><img loading=\"lazy\" src=\"http:\/\/osnovnaskolakrk.hr\/vrh\/wp-content\/uploads\/20230519_153924-scaled.jpg\" alt=\"\" class=\"wp-image-4710\" width=\"189\" height=\"252\" srcset=\"http:\/\/osnovnaskolakrk.hr\/vrh\/wp-content\/uploads\/20230519_153924-scaled.jpg 1920w, http:\/\/osnovnaskolakrk.hr\/vrh\/wp-content\/uploads\/20230519_153924-768x1024.jpg 768w, http:\/\/osnovnaskolakrk.hr\/vrh\/wp-content\/uploads\/20230519_153924-1152x1536.jpg 1152w, http:\/\/osnovnaskolakrk.hr\/vrh\/wp-content\/uploads\/20230519_153924-1536x2048.jpg 1536w, http:\/\/osnovnaskolakrk.hr\/vrh\/wp-content\/uploads\/20230519_153924-624x832.jpg 624w\" sizes=\"(max-width: 189px) 100vw, 189px\" \/><\/figure><\/div>\n\n\n<p>U petak, 19. svibnja 2023. g. u\u010denice 7.r. Dorotea \u017du\u017ei\u0107, Ivona Prendivoj i Ema Kosi\u0107 su u pratnji u\u010diteljice Marije \u017du\u017ei\u0107 i domara Jasminka Me\u0161i\u0107a predstavljale na\u0161u zadrugu Busilak na ovogodi\u0161njoj 22. \u017eupanijskoj smotri zadruga koja se odr\u017eavala na Korzu u Rijeci.<\/p>\n\n\n\n<p>Me\u0111u 40ak prisutnih u\u010deni\u010dkih zadruga, na\u0161a se zadruga istaknula u eko proizvodnji doma\u0107eg maslinovog ulja, izradi macerata od smilja, mirisnim vre\u0107icama lavande te sadnicama bosiljka. Novac koji smo skupili bit \u0107e iskori\u0161ten za potrebe \u0161kole u Vrhu, a proizvodi koji se na smotri nisu uspjeli prodati u\u010denice \u0107e prodavati nakon priredbe za 25. godi\u0161njicu \u0161kole.<\/p>\n\n\n\n<p>Ema Kosi\u0107<\/p>\n\n\n\n<p>Za potrebe ovogodi\u0161nje smotre u\u010denici 6.r. David Kosi\u0107, David Perli\u0107, Katarina Tomi\u010di\u0107 i Tia Mr\u0161i\u0107 sudjelovali su u stvaranju malog video uratka u trajanju od 1.5 minuta gdje su predstavili na\u0161e ovogodi\u0161nje proizvode i rad u Mediteranskom vrtu.<\/p>\n\n\n\n<p>Sveukupno, u nekoliko kategorija na\u0161a je zadruga na ovogodi\u0161njoj smotri zadruga osvojila 25.5 od ukupno 40 bodova.<\/p>\n\n\n\n<p>Zahvaljujem svim \u010dlanovima zadruge na sudjelovanju u razli\u010ditim akcijama tijekom ove \u0161kolske godine i nadam se da \u0107emo dogodine biti jo\u0161 bolji. Marija \u017du\u017ei\u0107<\/p>\n\n\n\n<figure class=\"wp-container-2 wp-block-gallery-1 wp-block-gallery has-nested-images columns-default is-cropped\">\n<figure class=\"wp-block-image size-large is-style-default\"><img loading=\"lazy\" width=\"2560\" height=\"1920\" data-id=\"4719\"  src=\"http:\/\/osnovnaskolakrk.hr\/vrh\/wp-content\/uploads\/20230505_090834-2-scaled.jpg\" alt=\"\" class=\"wp-image-4719\" srcset=\"http:\/\/osnovnaskolakrk.hr\/vrh\/wp-content\/uploads\/20230505_090834-2-scaled.jpg 2560w, http:\/\/osnovnaskolakrk.hr\/vrh\/wp-content\/uploads\/20230505_090834-2-768x576.jpg 768w, http:\/\/osnovnaskolakrk.hr\/vrh\/wp-content\/uploads\/20230505_090834-2-1536x1152.jpg 1536w, http:\/\/osnovnaskolakrk.hr\/vrh\/wp-content\/uploads\/20230505_090834-2-2048x1536.jpg 2048w, http:\/\/osnovnaskolakrk.hr\/vrh\/wp-content\/uploads\/20230505_090834-2-624x468.jpg 624w\" sizes=\"(max-width: 2560px) 100vw, 2560px\" \/><\/figure>\n\n\n\n<figure class=\"wp-block-image size-large is-style-default\"><img loading=\"lazy\" width=\"1920\" height=\"2560\" data-id=\"4715\"  src=\"http:\/\/osnovnaskolakrk.hr\/vrh\/wp-content\/uploads\/20230505_130224-1-1-scaled.jpg\" alt=\"\" class=\"wp-image-4715\" srcset=\"http:\/\/osnovnaskolakrk.hr\/vrh\/wp-content\/uploads\/20230505_130224-1-1-scaled.jpg 1920w, http:\/\/osnovnaskolakrk.hr\/vrh\/wp-content\/uploads\/20230505_130224-1-1-768x1024.jpg 768w, http:\/\/osnovnaskolakrk.hr\/vrh\/wp-content\/uploads\/20230505_130224-1-1-1152x1536.jpg 1152w, http:\/\/osnovnaskolakrk.hr\/vrh\/wp-content\/uploads\/20230505_130224-1-1-1536x2048.jpg 1536w, http:\/\/osnovnaskolakrk.hr\/vrh\/wp-content\/uploads\/20230505_130224-1-1-624x832.jpg 624w\" sizes=\"(max-width: 1920px) 100vw, 1920px\" \/><\/figure>\n\n\n\n<figure class=\"wp-block-image size-large is-style-default\"><img loading=\"lazy\" width=\"1920\" height=\"2560\" data-id=\"4707\"  src=\"http:\/\/osnovnaskolakrk.hr\/vrh\/wp-content\/uploads\/20230505_130232-scaled.jpg\" alt=\"\" class=\"wp-image-4707\" srcset=\"http:\/\/osnovnaskolakrk.hr\/vrh\/wp-content\/uploads\/20230505_130232-scaled.jpg 1920w, http:\/\/osnovnaskolakrk.hr\/vrh\/wp-content\/uploads\/20230505_130232-768x1024.jpg 768w, http:\/\/osnovnaskolakrk.hr\/vrh\/wp-content\/uploads\/20230505_130232-1152x1536.jpg 1152w, http:\/\/osnovnaskolakrk.hr\/vrh\/wp-content\/uploads\/20230505_130232-1536x2048.jpg 1536w, http:\/\/osnovnaskolakrk.hr\/vrh\/wp-content\/uploads\/20230505_130232-624x832.jpg 624w\" sizes=\"(max-width: 1920px) 100vw, 1920px\" \/><\/figure>\n\n\n\n<figure class=\"wp-block-image size-large is-style-default\"><img loading=\"lazy\" width=\"1920\" height=\"2560\" data-id=\"4704\"  src=\"http:\/\/osnovnaskolakrk.hr\/vrh\/wp-content\/uploads\/20230505_130331-scaled.jpg\" alt=\"\" class=\"wp-image-4704\" srcset=\"http:\/\/osnovnaskolakrk.hr\/vrh\/wp-content\/uploads\/20230505_130331-scaled.jpg 1920w, http:\/\/osnovnaskolakrk.hr\/vrh\/wp-content\/uploads\/20230505_130331-768x1024.jpg 768w, http:\/\/osnovnaskolakrk.hr\/vrh\/wp-content\/uploads\/20230505_130331-1152x1536.jpg 1152w, http:\/\/osnovnaskolakrk.hr\/vrh\/wp-content\/uploads\/20230505_130331-1536x2048.jpg 1536w, http:\/\/osnovnaskolakrk.hr\/vrh\/wp-content\/uploads\/20230505_130331-624x832.jpg 624w\" sizes=\"(max-width: 1920px) 100vw, 1920px\" \/><\/figure>\n\n\n\n<figure class=\"wp-block-image size-large is-style-default\"><img loading=\"lazy\" width=\"1920\" height=\"2560\" data-id=\"4720\"  src=\"http:\/\/osnovnaskolakrk.hr\/vrh\/wp-content\/uploads\/20230505_130536-2-scaled.jpg\" alt=\"\" class=\"wp-image-4720\" srcset=\"http:\/\/osnovnaskolakrk.hr\/vrh\/wp-content\/uploads\/20230505_130536-2-scaled.jpg 1920w, http:\/\/osnovnaskolakrk.hr\/vrh\/wp-content\/uploads\/20230505_130536-2-768x1024.jpg 768w, http:\/\/osnovnaskolakrk.hr\/vrh\/wp-content\/uploads\/20230505_130536-2-1152x1536.jpg 1152w, http:\/\/osnovnaskolakrk.hr\/vrh\/wp-content\/uploads\/20230505_130536-2-1536x2048.jpg 1536w, http:\/\/osnovnaskolakrk.hr\/vrh\/wp-content\/uploads\/20230505_130536-2-624x832.jpg 624w\" sizes=\"(max-width: 1920px) 100vw, 1920px\" \/><\/figure>\n\n\n\n<figure class=\"wp-block-image size-large is-style-default\"><img loading=\"lazy\" width=\"1920\" height=\"2560\" data-id=\"4718\"  src=\"http:\/\/osnovnaskolakrk.hr\/vrh\/wp-content\/uploads\/20230519_100305-1-scaled.jpg\" alt=\"\" class=\"wp-image-4718\" srcset=\"http:\/\/osnovnaskolakrk.hr\/vrh\/wp-content\/uploads\/20230519_100305-1-scaled.jpg 1920w, http:\/\/osnovnaskolakrk.hr\/vrh\/wp-content\/uploads\/20230519_100305-1-768x1024.jpg 768w, http:\/\/osnovnaskolakrk.hr\/vrh\/wp-content\/uploads\/20230519_100305-1-1152x1536.jpg 1152w, http:\/\/osnovnaskolakrk.hr\/vrh\/wp-content\/uploads\/20230519_100305-1-1536x2048.jpg 1536w, http:\/\/osnovnaskolakrk.hr\/vrh\/wp-content\/uploads\/20230519_100305-1-624x832.jpg 624w\" sizes=\"(max-width: 1920px) 100vw, 1920px\" \/><\/figure>\n\n\n\n<figure class=\"wp-block-image size-large is-style-default\"><img loading=\"lazy\" width=\"1920\" height=\"2560\" data-id=\"4710\"  src=\"http:\/\/osnovnaskolakrk.hr\/vrh\/wp-content\/uploads\/20230519_153924-scaled.jpg\" alt=\"\" class=\"wp-image-4710\" srcset=\"http:\/\/osnovnaskolakrk.hr\/vrh\/wp-content\/uploads\/20230519_153924-scaled.jpg 1920w, http:\/\/osnovnaskolakrk.hr\/vrh\/wp-content\/uploads\/20230519_153924-768x1024.jpg 768w, http:\/\/osnovnaskolakrk.hr\/vrh\/wp-content\/uploads\/20230519_153924-1152x1536.jpg 1152w, http:\/\/osnovnaskolakrk.hr\/vrh\/wp-content\/uploads\/20230519_153924-1536x2048.jpg 1536w, http:\/\/osnovnaskolakrk.hr\/vrh\/wp-content\/uploads\/20230519_153924-624x832.jpg 624w\" sizes=\"(max-width: 1920px) 100vw, 1920px\" \/><\/figure>\n\n\n\n<figure class=\"wp-block-image size-large is-style-default\"><img loading=\"lazy\" width=\"1200\" height=\"1600\" data-id=\"4711\"  src=\"http:\/\/osnovnaskolakrk.hr\/vrh\/wp-content\/uploads\/IMG-4646192b9269f663d34b92930a894c9b-V-2.jpg\" alt=\"\" class=\"wp-image-4711\" srcset=\"http:\/\/osnovnaskolakrk.hr\/vrh\/wp-content\/uploads\/IMG-4646192b9269f663d34b92930a894c9b-V-2.jpg 1200w, http:\/\/osnovnaskolakrk.hr\/vrh\/wp-content\/uploads\/IMG-4646192b9269f663d34b92930a894c9b-V-2-768x1024.jpg 768w, http:\/\/osnovnaskolakrk.hr\/vrh\/wp-content\/uploads\/IMG-4646192b9269f663d34b92930a894c9b-V-2-1152x1536.jpg 1152w, http:\/\/osnovnaskolakrk.hr\/vrh\/wp-content\/uploads\/IMG-4646192b9269f663d34b92930a894c9b-V-2-624x832.jpg 624w\" sizes=\"(max-width: 1200px) 100vw, 1200px\" \/><\/figure>\n\n\n\n<figure class=\"wp-block-image size-large is-style-default\"><img loading=\"lazy\" width=\"1600\" height=\"1200\" data-id=\"4712\"  src=\"http:\/\/osnovnaskolakrk.hr\/vrh\/wp-content\/uploads\/IMG-a5d52f2aa855089eceb72ae2c867e4c1-V.jpg\" alt=\"\" class=\"wp-image-4712\" srcset=\"http:\/\/osnovnaskolakrk.hr\/vrh\/wp-content\/uploads\/IMG-a5d52f2aa855089eceb72ae2c867e4c1-V.jpg 1600w, http:\/\/osnovnaskolakrk.hr\/vrh\/wp-content\/uploads\/IMG-a5d52f2aa855089eceb72ae2c867e4c1-V-768x576.jpg 768w, http:\/\/osnovnaskolakrk.hr\/vrh\/wp-content\/uploads\/IMG-a5d52f2aa855089eceb72ae2c867e4c1-V-1536x1152.jpg 1536w, http:\/\/osnovnaskolakrk.hr\/vrh\/wp-content\/uploads\/IMG-a5d52f2aa855089eceb72ae2c867e4c1-V-624x468.jpg 624w\" sizes=\"(max-width: 1600px) 100vw, 1600px\" \/><\/figure>\n\n\n\n<figure class=\"wp-block-image size-large is-style-default\"><img loading=\"lazy\" width=\"1200\" height=\"1600\" data-id=\"4714\"  src=\"http:\/\/osnovnaskolakrk.hr\/vrh\/wp-content\/uploads\/IMG-edcf22111c6462937489bf9439dddc9d-V.jpg\" alt=\"\" class=\"wp-image-4714\" srcset=\"http:\/\/osnovnaskolakrk.hr\/vrh\/wp-content\/uploads\/IMG-edcf22111c6462937489bf9439dddc9d-V.jpg 1200w, http:\/\/osnovnaskolakrk.hr\/vrh\/wp-content\/uploads\/IMG-edcf22111c6462937489bf9439dddc9d-V-768x1024.jpg 768w, http:\/\/osnovnaskolakrk.hr\/vrh\/wp-content\/uploads\/IMG-edcf22111c6462937489bf9439dddc9d-V-1152x1536.jpg 1152w, http:\/\/osnovnaskolakrk.hr\/vrh\/wp-content\/uploads\/IMG-edcf22111c6462937489bf9439dddc9d-V-624x832.jpg 624w\" sizes=\"(max-width: 1200px) 100vw, 1200px\" \/><\/figure>\n<\/figure>\n\n\n\n<!--more-->\n\n\n\n<h2>Misli zeleno, \u017eivi zeleno<\/h2>\n\n\n\n<p>Obavljena je sadnja u jesenskoj akciji Posadi stablo ne budi panj!&nbsp;&nbsp;\u010clanovi UZ Busilak i u\u010denici 8.r O\u0160 Fran Krsto Frankopan Krk, P\u0160 Vrh danas su uspje\u0161no odradili sadnju tri sadnice, badema, smokve i jabuke u sklopu akcije Posadi stablo ne budi panj.&nbsp;U\u010denici ve\u0107 drugi put sudjeluju u ovoj akciji pod \u010dijim je pokroviteljstvom posa\u0111eno ukupno 7 stabala u \u0161kolskom vrtu!&nbsp;U sadnji je sudjelovalo 11 u\u010denika.&nbsp;S geslom&#8221;Misli zeleno, \u017eivi zeleno&#8221;,&nbsp;veliki pozdrav do slijede\u0107e akcije!&nbsp;<\/p>\n\n\n\n<p>Voditeljica UZ Busilak&nbsp;Sanja Novosel Grguri\u0107&nbsp; <\/p>\n\n\n\n<p><a href=\"https:\/\/panj.crogis.hr?lat=45.050484717099536&amp;lng=14.530438184738161&amp;zoom=18\">https:\/\/panj.crogis.hr?lat=45.050484717099536&amp;lng=14.530438184738161&amp;zoom=18<\/a><\/p>\n\n\n\n<figure class=\"wp-container-4 wp-block-gallery-3 wp-block-gallery has-nested-images columns-default is-cropped\">\n<figure class=\"wp-block-image size-large is-style-default\"><img loading=\"lazy\" width=\"1920\" height=\"2560\" data-id=\"4209\"  src=\"http:\/\/osnovnaskolakrk.hr\/vrh\/wp-content\/uploads\/IMG_20211124_114243-scaled.jpg\" alt=\"\" class=\"wp-image-4209\" srcset=\"http:\/\/osnovnaskolakrk.hr\/vrh\/wp-content\/uploads\/IMG_20211124_114243-scaled.jpg 1920w, http:\/\/osnovnaskolakrk.hr\/vrh\/wp-content\/uploads\/IMG_20211124_114243-768x1024.jpg 768w, http:\/\/osnovnaskolakrk.hr\/vrh\/wp-content\/uploads\/IMG_20211124_114243-1152x1536.jpg 1152w, http:\/\/osnovnaskolakrk.hr\/vrh\/wp-content\/uploads\/IMG_20211124_114243-1536x2048.jpg 1536w, http:\/\/osnovnaskolakrk.hr\/vrh\/wp-content\/uploads\/IMG_20211124_114243-624x832.jpg 624w\" sizes=\"(max-width: 1920px) 100vw, 1920px\" \/><\/figure>\n\n\n\n<figure class=\"wp-block-image size-large is-style-default\"><img loading=\"lazy\" width=\"1920\" height=\"2560\" data-id=\"4210\"  src=\"http:\/\/osnovnaskolakrk.hr\/vrh\/wp-content\/uploads\/IMG_20211124_111145-scaled.jpg\" alt=\"\" class=\"wp-image-4210\" srcset=\"http:\/\/osnovnaskolakrk.hr\/vrh\/wp-content\/uploads\/IMG_20211124_111145-scaled.jpg 1920w, http:\/\/osnovnaskolakrk.hr\/vrh\/wp-content\/uploads\/IMG_20211124_111145-768x1024.jpg 768w, http:\/\/osnovnaskolakrk.hr\/vrh\/wp-content\/uploads\/IMG_20211124_111145-1152x1536.jpg 1152w, http:\/\/osnovnaskolakrk.hr\/vrh\/wp-content\/uploads\/IMG_20211124_111145-1536x2048.jpg 1536w, http:\/\/osnovnaskolakrk.hr\/vrh\/wp-content\/uploads\/IMG_20211124_111145-624x832.jpg 624w\" sizes=\"(max-width: 1920px) 100vw, 1920px\" \/><\/figure>\n\n\n\n<figure class=\"wp-block-image size-large is-style-default\"><img loading=\"lazy\" width=\"1920\" height=\"2560\" data-id=\"4211\"  src=\"http:\/\/osnovnaskolakrk.hr\/vrh\/wp-content\/uploads\/IMG_20211124_111441-scaled.jpg\" alt=\"\" class=\"wp-image-4211\" srcset=\"http:\/\/osnovnaskolakrk.hr\/vrh\/wp-content\/uploads\/IMG_20211124_111441-scaled.jpg 1920w, http:\/\/osnovnaskolakrk.hr\/vrh\/wp-content\/uploads\/IMG_20211124_111441-768x1024.jpg 768w, http:\/\/osnovnaskolakrk.hr\/vrh\/wp-content\/uploads\/IMG_20211124_111441-1152x1536.jpg 1152w, http:\/\/osnovnaskolakrk.hr\/vrh\/wp-content\/uploads\/IMG_20211124_111441-1536x2048.jpg 1536w, http:\/\/osnovnaskolakrk.hr\/vrh\/wp-content\/uploads\/IMG_20211124_111441-624x832.jpg 624w\" sizes=\"(max-width: 1920px) 100vw, 1920px\" \/><\/figure>\n<\/figure>\n\n\n\n<h2><br>Sudjelovali smo na 18. \u017dupanijskoj smotri u\u010deni\u010dkih zadruga <\/h2>\n\n\n\n<p> U\u010denici UZ Busilak sudjelovali su na 18. \u017dupanijskoj smotri u\u010deni\u010dkih zadruga u Rijeci, O\u0160 Trsat. Smotra je okupila 40tak UZ iz PG\u017da sa gostima iz Istarske \u017eupanije. Zadrugari su prezentirali svoje proizvode: maslinovo ulje iz \u0161kolskog maslinika, balzame za usne, te pilinge za tijelo. Svi proizvodi su napravljeni sa eko doma\u0107im sastojcima i mediteranskim biljem iz \u0161kolskog vrta. Bili smo zapa\u017eeni kao uspje\u0161ni po\u010detnici s obzirom da sudjelujemo tek prvu godinu. Zadrugari su dobili smjernice za daljni rad koje \u0107e iskoristiti za pobolj\u0161anje svoje prezentacije na idu\u0107oj smotri u Crikvenici. Slike u prilogu. <\/p>\n\n\n\n<figure class=\"wp-container-6 wp-block-gallery-5 wp-block-gallery has-nested-images columns-default is-cropped\">\n<figure class=\"wp-block-image size-large is-style-default\"><img loading=\"lazy\" width=\"1280\" height=\"622\" data-id=\"3299\"  src=\"http:\/\/osnovnaskolakrk.hr\/vrh\/wp-content\/uploads\/image3.jpeg\" alt=\"\" class=\"wp-image-3299\" srcset=\"http:\/\/osnovnaskolakrk.hr\/vrh\/wp-content\/uploads\/image3.jpeg 1280w, http:\/\/osnovnaskolakrk.hr\/vrh\/wp-content\/uploads\/image3-768x373.jpeg 768w, http:\/\/osnovnaskolakrk.hr\/vrh\/wp-content\/uploads\/image3-624x303.jpeg 624w\" sizes=\"(max-width: 1280px) 100vw, 1280px\" \/><\/figure>\n\n\n\n<figure class=\"wp-block-image size-large is-style-default\"><img loading=\"lazy\" width=\"1280\" height=\"622\" data-id=\"3300\"  src=\"http:\/\/osnovnaskolakrk.hr\/vrh\/wp-content\/uploads\/image2.jpeg\" alt=\"\" class=\"wp-image-3300\" srcset=\"http:\/\/osnovnaskolakrk.hr\/vrh\/wp-content\/uploads\/image2.jpeg 1280w, http:\/\/osnovnaskolakrk.hr\/vrh\/wp-content\/uploads\/image2-768x373.jpeg 768w, http:\/\/osnovnaskolakrk.hr\/vrh\/wp-content\/uploads\/image2-624x303.jpeg 624w\" sizes=\"(max-width: 1280px) 100vw, 1280px\" \/><\/figure>\n\n\n\n<figure class=\"wp-block-image size-large is-style-default\"><img loading=\"lazy\" width=\"1280\" height=\"622\" data-id=\"3301\"  src=\"http:\/\/osnovnaskolakrk.hr\/vrh\/wp-content\/uploads\/image1.jpeg\" alt=\"\" class=\"wp-image-3301\" srcset=\"http:\/\/osnovnaskolakrk.hr\/vrh\/wp-content\/uploads\/image1.jpeg 1280w, http:\/\/osnovnaskolakrk.hr\/vrh\/wp-content\/uploads\/image1-768x373.jpeg 768w, http:\/\/osnovnaskolakrk.hr\/vrh\/wp-content\/uploads\/image1-624x303.jpeg 624w\" sizes=\"(max-width: 1280px) 100vw, 1280px\" \/><\/figure>\n<\/figure>\n\n\n\n<h2> <br>Prvi urod u \u0161kolskom vrtu! <\/h2>\n\n\n\n<p> Mladi zadrugari, \u010dlanovi sekcije Eko proizvo\u0111a\u010di, UZ Busilak, P\u0160 Vrh,  ubrali prvu, mladu, proljetnu blitvu. Ubrano povr\u0107e koje je uzgojeno bez ikakvih umjetnih gnojiva i aditiva pripremljeno je za obrok u PB skole. Zadrugari se nadaju i daljnjem dobrom urodu ,te \u0107e se povr\u0107e iz \u0161kolskog vrta pripremiti za sve u\u010denike u sklopu \u0161kolske marende!<\/p>\n\n\n\n<p>Dobar tek!<\/p>\n\n\n\n<p>Voditeljica P\u0160 Busilak<\/p>\n\n\n\n<p>Sanja Novosel Grguri\u0107 <\/p>\n\n\n\n<figure class=\"wp-container-8 wp-block-gallery-7 wp-block-gallery has-nested-images columns-default is-cropped\">\n<figure class=\"wp-block-image size-large is-style-default\"><img loading=\"lazy\" width=\"1440\" height=\"2560\" data-id=\"3304\"  src=\"http:\/\/osnovnaskolakrk.hr\/vrh\/wp-content\/uploads\/IMG_20190514_114357.jpg\" alt=\"\" class=\"wp-image-3304\" srcset=\"http:\/\/osnovnaskolakrk.hr\/vrh\/wp-content\/uploads\/IMG_20190514_114357.jpg 1440w, http:\/\/osnovnaskolakrk.hr\/vrh\/wp-content\/uploads\/IMG_20190514_114357-768x1365.jpg 768w, http:\/\/osnovnaskolakrk.hr\/vrh\/wp-content\/uploads\/IMG_20190514_114357-624x1109.jpg 624w\" sizes=\"(max-width: 1440px) 100vw, 1440px\" \/><\/figure>\n\n\n\n<figure class=\"wp-block-image size-large is-style-default\"><img loading=\"lazy\" width=\"1440\" height=\"2560\" data-id=\"3305\"  src=\"http:\/\/osnovnaskolakrk.hr\/vrh\/wp-content\/uploads\/IMG_20190514_114414.jpg\" alt=\"\" class=\"wp-image-3305\" srcset=\"http:\/\/osnovnaskolakrk.hr\/vrh\/wp-content\/uploads\/IMG_20190514_114414.jpg 1440w, http:\/\/osnovnaskolakrk.hr\/vrh\/wp-content\/uploads\/IMG_20190514_114414-768x1365.jpg 768w, http:\/\/osnovnaskolakrk.hr\/vrh\/wp-content\/uploads\/IMG_20190514_114414-624x1109.jpg 624w\" sizes=\"(max-width: 1440px) 100vw, 1440px\" \/><\/figure>\n\n\n\n<figure class=\"wp-block-image size-large is-style-default\"><img loading=\"lazy\" width=\"1440\" height=\"2560\" data-id=\"3307\"  src=\"http:\/\/osnovnaskolakrk.hr\/vrh\/wp-content\/uploads\/IMG_20190514_114655.jpg\" alt=\"\" class=\"wp-image-3307\" srcset=\"http:\/\/osnovnaskolakrk.hr\/vrh\/wp-content\/uploads\/IMG_20190514_114655.jpg 1440w, http:\/\/osnovnaskolakrk.hr\/vrh\/wp-content\/uploads\/IMG_20190514_114655-768x1365.jpg 768w, http:\/\/osnovnaskolakrk.hr\/vrh\/wp-content\/uploads\/IMG_20190514_114655-624x1109.jpg 624w\" sizes=\"(max-width: 1440px) 100vw, 1440px\" \/><\/figure>\n\n\n\n<figure class=\"wp-block-image size-large is-style-default\"><img loading=\"lazy\" width=\"2560\" height=\"1440\" data-id=\"3308\"  src=\"http:\/\/osnovnaskolakrk.hr\/vrh\/wp-content\/uploads\/IMG_20190514_125416.jpg\" alt=\"\" class=\"wp-image-3308\" srcset=\"http:\/\/osnovnaskolakrk.hr\/vrh\/wp-content\/uploads\/IMG_20190514_125416.jpg 2560w, http:\/\/osnovnaskolakrk.hr\/vrh\/wp-content\/uploads\/IMG_20190514_125416-768x432.jpg 768w, http:\/\/osnovnaskolakrk.hr\/vrh\/wp-content\/uploads\/IMG_20190514_125416-624x351.jpg 624w\" sizes=\"(max-width: 2560px) 100vw, 2560px\" \/><\/figure>\n<\/figure>\n","protected":false},"excerpt":{"rendered":"<p>\u017dupanijska smotra u\u010deni\u010dkih zadruga u Rijeci U petak, 19. svibnja 2023. g. u\u010denice 7.r. Dorotea \u017du\u017ei\u0107, Ivona Prendivoj i Ema Kosi\u0107 su u pratnji u\u010diteljice Marije \u017du\u017ei\u0107 i domara Jasminka Me\u0161i\u0107a predstavljale na\u0161u zadrugu Busilak na ovogodi\u0161njoj 22. \u017eupanijskoj smotri zadruga koja se odr\u017eavala na Korzu u Rijeci. Me\u0111u 40ak prisutnih u\u010deni\u010dkih zadruga, na\u0161a se [&hellip;]<\/p>\n","protected":false},"author":1,"featured_media":0,"parent":0,"menu_order":0,"comment_status":"closed","ping_status":"closed","template":"","meta":[],"_links":{"self":[{"href":"http:\/\/osnovnaskolakrk.hr\/vrh\/index.php?rest_route=\/wp\/v2\/pages\/3293"}],"collection":[{"href":"http:\/\/osnovnaskolakrk.hr\/vrh\/index.php?rest_route=\/wp\/v2\/pages"}],"about":[{"href":"http:\/\/osnovnaskolakrk.hr\/vrh\/index.php?rest_route=\/wp\/v2\/types\/page"}],"author":[{"embeddable":true,"href":"http:\/\/osnovnaskolakrk.hr\/vrh\/index.php?rest_route=\/wp\/v2\/users\/1"}],"replies":[{"embeddable":true,"href":"http:\/\/osnovnaskolakrk.hr\/vrh\/index.php?rest_route=%2Fwp%2Fv2%2Fcomments&post=3293"}],"version-history":[{"count":8,"href":"http:\/\/osnovnaskolakrk.hr\/vrh\/index.php?rest_route=\/wp\/v2\/pages\/3293\/revisions"}],"predecessor-version":[{"id":4721,"href":"http:\/\/osnovnaskolakrk.hr\/vrh\/index.php?rest_route=\/wp\/v2\/pages\/3293\/revisions\/4721"}],"wp:attachment":[{"href":"http:\/\/osnovnaskolakrk.hr\/vrh\/index.php?rest_route=%2Fwp%2Fv2%2Fmedia&parent=3293"}],"curies":[{"name":"wp","href":"https:\/\/api.w.org\/{rel}","templated":true}]}}