{"id":842,"date":"2015-11-10T05:40:29","date_gmt":"2015-11-10T05:40:29","guid":{"rendered":"http:\/\/osnovnaskolakrk.hr\/vrh\/?page_id=842"},"modified":"2016-04-25T06:29:07","modified_gmt":"2016-04-25T06:29:07","slug":"lokna","status":"publish","type":"page","link":"http:\/\/osnovnaskolakrk.hr\/vrh\/?page_id=842","title":{"rendered":"LOKNA"},"content":{"rendered":"<p>&nbsp;<\/p>\n<p><strong>U srijedu 20. travnja 2016. u\u00a0 sklopu\u00a0 projekta \u00abLokna\u00bb\u00a0 otvorena pou\u010dna staza \u201cPut lokava\u201d <\/strong><\/p>\n<p><strong>\u00a0<\/strong><\/p>\n<p>U okviru\u00a0 Operativnog programa teritorijalne suradnje Slovenija \u2013 Hrvatska (2007. &#8211; 2013.) Javna ustanova \u00abPriroda\u00bb i Grad Krk provode u suradnji sa slovenskim partnerima \u201eKrajinskim parkom Ljubljansko barje\u201c i Geodetskim institutom Slovenije projekt \u00abO\u010duvanje i promocija vodenih biotopa : Lokve i barjanska okna za budu\u0107nost\u00bb ili \u00abLokna\u00bb. Navedeni projekt ve\u0107inski je sufinanciran sredstvima iz EU fondova, a\u00a0 najva\u017eniji cilj projekta je o\u010duvanje i revitalizacija vodenih biotopa.<\/p>\n<p>U sklopu projekta\u00a0 predvi\u0111ena je suradnja slovenskih i hrvatskih stru\u010dnjaka za biologiju, hidrologiju, geologiju, kako bi se detaljno istra\u017eile pojave kr\u0161kih lokava na otoku Krku i mo\u010dvarna okna (barjanska okna) u Ljubljanskom barju.<\/p>\n<p>U okviru projekta \u00abLokna\u00bb tako\u0111er je predvi\u0111en niz edukativnih aktivnosti poput: otvorenja pou\u010dne staze o lokvama (izme\u0111u Poljica i Milohni\u0107a), izrada edukativne vi\u0161ejezi\u010dne bro\u0161ure, te fotografska izlo\u017eba u Ljubljani i gradu Krku.<\/p>\n<p>U srijedu 20. travnja 2016. odr\u017eana je posljednja\u00a0 od\u00a0 projektom predvi\u0111enih aktivnosti; otvorenje pou\u010dne staze \u201cPut lokava\u201d (izme\u0111u Poljica i Milohni\u0107a). U\u010ditelji, u\u010denici, kr\u010dki planinari, novinari, te ostali uzvanici okupili su se u 9.00 sati u Milohni\u0107ima spremni za nekoliko sati hodanja kroz \u0161umu.<\/p>\n<p>Krenuli smo pou\u010dnom\u00a0 stazom od Milohni\u0107a do Poljica uz stru\u010dno vodstvo djelatnika Javne ustanove \u201cPriroda\u201d. Putem smo vidjeli nekoliko lokava, slu\u0161ali o njihovom zna\u010daju, te u\u017eivali u raznolikosti bogatstva na\u0161ih \u0161uma.<\/p>\n<p>Treba podsjetiti na \u010dinjenicu da su kr\u0161ke lokve nastale prirodnim putem, ali tako\u0111er i djelovanjem \u010dovjeka. Naime, na kr\u0161kom reljefu gdje je voda predstavljala pravo malo bogatstvo, na\u0161i stari su na mjestima gdje se zadr\u017eavala ki\u0161nica stvorili lokve koje su slu\u017eile za napajanje stoke, navodnjavanje, ga\u0161enje po\u017eara itd. Osim zbog iznimne va\u017enosti za ljude, lokve predstavljaju stani\u0161te za brojne biljne i \u017eivotinjske vrste, te uto\u010di\u0161te za neke autohtone organizme (vodenjaci, odre\u0111ene ptice, vretenci). Nakon prije\u0111enih 6, 1 km ili\u00a0 dva i pol sata\u00a0 hodanja\u00a0 napokon smo prili\u010dno umorni stigli do konobe \u201cTri maruna\u201d.<\/p>\n<p>Uslijedila je zavr\u0161na konferencija projekta Lokna i obra\u0107anje nekoliko va\u017enih govornika koji su predstavili rezultate projekta : ravnateljice Javne ustanove \u201cPriroda\u201d mr. sc. Sonje \u0160i\u0161i\u0107, gradona\u010delnika grada Krka Darija Vasili\u0107a, te zamjenika rije\u010dkog \u017eupana Marka Borasa Mandi\u0107a.<\/p>\n<p>Nakon slu\u017ebenog dijela programa odmorili \u00a0smo se uz doma\u0107e delicije, te smo skupili snage za nastavak puta do najva\u017enije lokve (od okupno o\u010di\u0161\u0107ene 61 lokve) pod nazivom \u201c\u017diva\u201d<\/p>\n<p>Nakon kra\u0107eg hodanja stigli smo do lokve \u201c\u017diva\u201d koju su djelatnici Javne ustanove \u201cPriroda\u201d izabrali za otvaranje pou\u010dne staze upravo zbog truda koji su ulo\u017eili da ju o\u010diste, te bogatstva biljne i \u017eivotinjske raznolikosti.<\/p>\n<p>Gradona\u010delnik \u00a0grada Krka Darijo Vasili\u0107 i zamjenik rije\u010dkog \u017eupana Marko Boras Mandi\u0107 u 13. 00 sati \u00a0slu\u017ebeno su otvorili pou\u010dnu stazu \u201cPut lokava\u201d.<\/p>\n<p>Naposljetku, u\u010ditelji i ostali uzvanici koji su \u00a0od po\u010detka dio projekta Lokna bili su pozvani u \u00a0poznatu \u201cKu\u0107u kr\u010dkog pr\u0161uta\u201d u Vrhu.<\/p>\n<p>Ravnateljica Javne ustanove \u201cPriroda\u201d mr. sc. Sonja \u0160i\u0161i\u0107 zahvalila je ravnatelju Osnovne \u0161kole \u201cFran Krsto Frankopan\u201d Krk Ser\u0111u Sabli\u0107u i voditeljici \u0161kole Vrh Sanji \u00a0Novosel &#8211; Grguri\u0107 \u00a0na podr\u0161ci u cjelokupnoj realizaciji projekta, te im je uru\u010dila prigodne darove.<\/p>\n<p>Ostali smo u\u017eivati u doma\u0107oj hrani i zvuku sopela (koje su svirali u\u010denici) do popodnevnih sati pomalo tu\u017eni \u0161to je edukativno dru\u017eenje privedeno kraju, ali ponosni \u0161to smo od po\u010detka bili dio ovako va\u017enog projekta za budu\u0107nost na\u0161eg otoka.<\/p>\n<p>&nbsp;<\/p>\n<blockquote class=\"imgur-embed-pub\" lang=\"en\" data-id=\"a\/gnEQa\"><p><a href=\"http:\/\/imgur.com\/a\/gnEQa\">View post on imgur.com<\/a><\/p><\/blockquote>\n<p><script async src=\"\/\/s.imgur.com\/min\/embed.js\" charset=\"utf-8\"><\/script><\/p>\n<p>&nbsp;<\/p>\n<p>&nbsp;<\/p>\n<p>&nbsp;<\/p>\n<p>Dana 23.listopada 2015.,u\u010denici \u0161estog razreda i nekolicina u\u010denika sedmog \u00a0razreda u pratnji svoke profesorice Ingrid Wolf Stefan sudjelovali su u projektu Lokna koji se odvijao na lokvi Menkovoj u Poljicima.Cilj \u00a0ovog projekta je o\u010duvanje i revitalizacija vodenih biotopa, lokava na Krku\u00a0 i barjanskih okana u Ljubljanskom barju.<\/p>\n<p><a href=\"http:\/\/osnovnaskolakrk.hr\/vrh\/wp-content\/uploads\/lokna.jpg\"><img loading=\"lazy\" class=\"size-thumbnail wp-image-1102 alignleft\" src=\"http:\/\/osnovnaskolakrk.hr\/vrh\/wp-content\/uploads\/lokna-150x150.jpg\" alt=\"lokna\" width=\"150\" height=\"150\" srcset=\"http:\/\/osnovnaskolakrk.hr\/vrh\/wp-content\/uploads\/lokna-150x150.jpg 150w, http:\/\/osnovnaskolakrk.hr\/vrh\/wp-content\/uploads\/lokna-50x50.jpg 50w\" sizes=\"(max-width: 150px) 100vw, 150px\" \/><\/a>Kr\u0161ke lokve mala su vodena stani\u0161ta nastala na vodenopropusnoj podlozi u kr\u0161u. Koristile su se za navodnjavanje usjeva, napajanje stoke, ga\u0161enje po\u017eara, a ponekad i za pi\u0107e. Danas su\u00a0 brojne lokve zapu\u0161tene te postupno zarastaju,bivaju isu\u0161ene,a nerijetko postaju i odlagali\u0161te otpada ili ne\u017eeljnih vodenih ku\u0107nih ljubimaca. U\u010denici su se upoznali s \u017eivotnim uvjetima u lokvama i oko nje. Mjerili su temperaturu zraka i temperaturu vode ,odre\u0111ivali smjer vjetra,mjerili brzinu vjetra&#8230;Upoznali su se s mo\u010dvarnim biljkama i\u00a0 skupljali su ih za njihove herbarije. Lovili su \u017eivotinje mre\u017eicom i odvajali bi ih u razli\u010dite posude. Na kraju tog napornog dana,svi u\u010denici i u\u010ditelji po\u010dastili su se odli\u010dnim ru\u010dkom u restoranu Tri maruna.<\/p>\n<p>Katarina Bogdani\u0107 7 razred<\/p>\n<blockquote class=\"imgur-embed-pub\" lang=\"en\" data-id=\"a\/OC9va\"><p><a href=\"http:\/\/imgur.com\/a\/OC9va\">Lokna<\/a><\/p><\/blockquote>\n<p><script async src=\"\/\/s.imgur.com\/min\/embed.js\" charset=\"utf-8\"><\/script><\/p>\n","protected":false},"excerpt":{"rendered":"<p>&nbsp; U srijedu 20. travnja 2016. u\u00a0 sklopu\u00a0 projekta \u00abLokna\u00bb\u00a0 otvorena pou\u010dna staza \u201cPut lokava\u201d \u00a0 U okviru\u00a0 Operativnog programa teritorijalne suradnje Slovenija \u2013 Hrvatska (2007. &#8211; 2013.) Javna ustanova \u00abPriroda\u00bb i Grad Krk provode u suradnji sa slovenskim partnerima \u201eKrajinskim parkom Ljubljansko barje\u201c i Geodetskim institutom Slovenije projekt \u00abO\u010duvanje i promocija vodenih biotopa : [&hellip;]<\/p>\n","protected":false},"author":1,"featured_media":0,"parent":0,"menu_order":0,"comment_status":"closed","ping_status":"closed","template":"","meta":[],"_links":{"self":[{"href":"http:\/\/osnovnaskolakrk.hr\/vrh\/index.php?rest_route=\/wp\/v2\/pages\/842"}],"collection":[{"href":"http:\/\/osnovnaskolakrk.hr\/vrh\/index.php?rest_route=\/wp\/v2\/pages"}],"about":[{"href":"http:\/\/osnovnaskolakrk.hr\/vrh\/index.php?rest_route=\/wp\/v2\/types\/page"}],"author":[{"embeddable":true,"href":"http:\/\/osnovnaskolakrk.hr\/vrh\/index.php?rest_route=\/wp\/v2\/users\/1"}],"replies":[{"embeddable":true,"href":"http:\/\/osnovnaskolakrk.hr\/vrh\/index.php?rest_route=%2Fwp%2Fv2%2Fcomments&post=842"}],"version-history":[{"count":5,"href":"http:\/\/osnovnaskolakrk.hr\/vrh\/index.php?rest_route=\/wp\/v2\/pages\/842\/revisions"}],"predecessor-version":[{"id":1105,"href":"http:\/\/osnovnaskolakrk.hr\/vrh\/index.php?rest_route=\/wp\/v2\/pages\/842\/revisions\/1105"}],"wp:attachment":[{"href":"http:\/\/osnovnaskolakrk.hr\/vrh\/index.php?rest_route=%2Fwp%2Fv2%2Fmedia&parent=842"}],"curies":[{"name":"wp","href":"https:\/\/api.w.org\/{rel}","templated":true}]}}